{"id":466,"date":"2018-03-27T10:46:12","date_gmt":"2018-03-27T08:46:12","guid":{"rendered":"https:\/\/www.intermedium.fr\/migrants\/?page_id=466"},"modified":"2018-12-05T09:25:48","modified_gmt":"2018-12-05T08:25:48","slug":"cest-sur-le-bureau","status":"publish","type":"page","link":"https:\/\/www.intermedium.fr\/migrants\/cest-sur-le-bureau\/","title":{"rendered":"C&#8217;est sur le bureau"},"content":{"rendered":"<div class=\"pt-cv-wrapper\"><div class=\"pt-cv-view pt-cv-grid pt-cv-colsys\" id=\"pt-cv-view-43c9a49krn\"><div data-id=\"pt-cv-page-1\" class=\"pt-cv-page\" data-cvc=\"2\"><div class=\"col-md-6 col-sm-6 col-xs-12 pt-cv-content-item pt-cv-1-col\" ><div class='pt-cv-ifield'><a href=\"https:\/\/www.intermedium.fr\/migrants\/introduction-a-la-programmation-neuro-linguistique\/\" class=\"_self pt-cv-href-thumbnail pt-cv-thumb-default\" target=\"_self\" ><img loading=\"lazy\" decoding=\"async\" width=\"300\" height=\"225\" src=\"https:\/\/www.intermedium.fr\/migrants\/wp-content\/uploads\/2023\/01\/version_2000_programmation-neuro-linguistique-pnl-1536x1152-1-300x225.jpeg\" class=\"pt-cv-thumbnail\" alt=\"\" srcset=\"https:\/\/www.intermedium.fr\/migrants\/wp-content\/uploads\/2023\/01\/version_2000_programmation-neuro-linguistique-pnl-1536x1152-1-300x225.jpeg 300w, https:\/\/www.intermedium.fr\/migrants\/wp-content\/uploads\/2023\/01\/version_2000_programmation-neuro-linguistique-pnl-1536x1152-1-1024x768.jpeg 1024w, https:\/\/www.intermedium.fr\/migrants\/wp-content\/uploads\/2023\/01\/version_2000_programmation-neuro-linguistique-pnl-1536x1152-1-768x576.jpeg 768w, https:\/\/www.intermedium.fr\/migrants\/wp-content\/uploads\/2023\/01\/version_2000_programmation-neuro-linguistique-pnl-1536x1152-1.jpeg 1536w\" sizes=\"auto, (max-width: 300px) 100vw, 300px\" \/><\/a>\n<h4 class=\"pt-cv-title\"><a href=\"https:\/\/www.intermedium.fr\/migrants\/introduction-a-la-programmation-neuro-linguistique\/\" class=\"_self\" target=\"_self\" >Introduction \u00e0 la <strong>Programmation Neuro-Linguistique.<\/strong><\/a><\/h4>\n<div class=\"pt-cv-content\">La P.N.L. est une th\u00e9orie nouvelle, invent\u00e9e fin des ann\u00e9es 70 en Californie par John GRINDLER et Richard BANDLER. Elle ...<br \/><div class=\"pt-cv-rmwrap\"><a href=\"https:\/\/www.intermedium.fr\/migrants\/introduction-a-la-programmation-neuro-linguistique\/\" class=\"_self pt-cv-readmore btn btn-success\" target=\"_self\">Lire La Suite\u2026<\/a><\/div><\/div><\/div><\/div>\n<div class=\"col-md-6 col-sm-6 col-xs-12 pt-cv-content-item pt-cv-1-col\" ><div class='pt-cv-ifield'><a href=\"https:\/\/www.intermedium.fr\/migrants\/les-casinos-en-ligne-soutiennent-le-mouvement-contre-la-violence-dans-le-monde\/\" class=\"_self pt-cv-href-thumbnail pt-cv-thumb-default\" target=\"_self\" ><\/a>\n<h4 class=\"pt-cv-title\"><a href=\"https:\/\/www.intermedium.fr\/migrants\/les-casinos-en-ligne-soutiennent-le-mouvement-contre-la-violence-dans-le-monde\/\" class=\"_self\" target=\"_self\" >Les casinos en ligne soutiennent le mouvement contre la violence dans le monde<\/a><\/h4>\n<div class=\"pt-cv-content\">par Renan Le monde est constamment confront\u00e9 \u00e0 la violence de toutes parts, qu'elle provienne de la guerre, du crime ...<br \/><div class=\"pt-cv-rmwrap\"><a href=\"https:\/\/www.intermedium.fr\/migrants\/les-casinos-en-ligne-soutiennent-le-mouvement-contre-la-violence-dans-le-monde\/\" class=\"_self pt-cv-readmore btn btn-success\" target=\"_self\">Lire La Suite\u2026<\/a><\/div><\/div><\/div><\/div>\n<div class=\"col-md-6 col-sm-6 col-xs-12 pt-cv-content-item pt-cv-1-col\" ><div class='pt-cv-ifield'><a href=\"https:\/\/www.intermedium.fr\/migrants\/les-casinos-trouvent-lharmonie-avec-la-nature\/\" class=\"_self pt-cv-href-thumbnail pt-cv-thumb-default\" target=\"_self\" ><\/a>\n<h4 class=\"pt-cv-title\"><a href=\"https:\/\/www.intermedium.fr\/migrants\/les-casinos-trouvent-lharmonie-avec-la-nature\/\" class=\"_self\" target=\"_self\" >Les casinos trouvent l&#8217;harmonie avec la nature<\/a><\/h4>\n<div class=\"pt-cv-content\">Par RenanEn mati\u00e8re de divertissement, les jeux d'argent sont l'une des industries les plus populaires au monde. Mais beaucoup ignorent ...<br \/><div class=\"pt-cv-rmwrap\"><a href=\"https:\/\/www.intermedium.fr\/migrants\/les-casinos-trouvent-lharmonie-avec-la-nature\/\" class=\"_self pt-cv-readmore btn btn-success\" target=\"_self\">Lire La Suite\u2026<\/a><\/div><\/div><\/div><\/div>\n<div class=\"col-md-6 col-sm-6 col-xs-12 pt-cv-content-item pt-cv-1-col\" ><div class='pt-cv-ifield'><a href=\"https:\/\/www.intermedium.fr\/migrants\/presentation-de-la-pnl-humaniste\/\" class=\"_self pt-cv-href-thumbnail pt-cv-thumb-default\" target=\"_self\" ><\/a>\n<h4 class=\"pt-cv-title\"><a href=\"https:\/\/www.intermedium.fr\/migrants\/presentation-de-la-pnl-humaniste\/\" class=\"_self\" target=\"_self\" >Pr\u00e9sentation de la PNL Humaniste<\/a><\/h4>\n<div class=\"pt-cv-content\">Par \u00c9va et R\u00e9gis \/ juin 2016\u00a0 Un bref rappel de l\u2019Humanisme historique de la Renaissance La culture litt\u00e9raire de ...<br \/><div class=\"pt-cv-rmwrap\"><a href=\"https:\/\/www.intermedium.fr\/migrants\/presentation-de-la-pnl-humaniste\/\" class=\"_self pt-cv-readmore btn btn-success\" target=\"_self\">Lire La Suite\u2026<\/a><\/div><\/div><\/div><\/div>\n<div class=\"col-md-6 col-sm-6 col-xs-12 pt-cv-content-item pt-cv-1-col\" ><div class='pt-cv-ifield'><a href=\"https:\/\/www.intermedium.fr\/migrants\/les-etats-du-moi\/\" class=\"_self pt-cv-href-thumbnail pt-cv-thumb-default\" target=\"_self\" ><img loading=\"lazy\" decoding=\"async\" width=\"300\" height=\"296\" src=\"https:\/\/www.intermedium.fr\/migrants\/wp-content\/uploads\/2022\/02\/182115_440876459278579_2128876506_n-300x296.jpg\" class=\"pt-cv-thumbnail\" alt=\"\" srcset=\"https:\/\/www.intermedium.fr\/migrants\/wp-content\/uploads\/2022\/02\/182115_440876459278579_2128876506_n-300x296.jpg 300w, https:\/\/www.intermedium.fr\/migrants\/wp-content\/uploads\/2022\/02\/182115_440876459278579_2128876506_n.jpg 500w\" sizes=\"auto, (max-width: 300px) 100vw, 300px\" \/><\/a>\n<h4 class=\"pt-cv-title\"><a href=\"https:\/\/www.intermedium.fr\/migrants\/les-etats-du-moi\/\" class=\"_self\" target=\"_self\" >Les \u00c9tats du Moi<\/a><\/h4>\n<div class=\"pt-cv-content\">L\u2019Analyse transactionnelle. L\u2019analyse transactionnelle a \u00e9t\u00e9 mise au point aux \u00c9tats-Unis par un groupe de psychologues et de th\u00e9rapeutes, sous ...<br \/><div class=\"pt-cv-rmwrap\"><a href=\"https:\/\/www.intermedium.fr\/migrants\/les-etats-du-moi\/\" class=\"_self pt-cv-readmore btn btn-success\" target=\"_self\">Lire La Suite\u2026<\/a><\/div><\/div><\/div><\/div>\n<div class=\"col-md-6 col-sm-6 col-xs-12 pt-cv-content-item pt-cv-1-col\" ><div class='pt-cv-ifield'><a href=\"https:\/\/www.intermedium.fr\/migrants\/stephane-berne-en-parle\/\" class=\"_self pt-cv-href-thumbnail pt-cv-thumb-default\" target=\"_self\" ><img loading=\"lazy\" decoding=\"async\" width=\"300\" height=\"199\" src=\"https:\/\/www.intermedium.fr\/migrants\/wp-content\/uploads\/2016\/02\/dsc_0431-300x199.jpg\" class=\"pt-cv-thumbnail\" alt=\"\" srcset=\"https:\/\/www.intermedium.fr\/migrants\/wp-content\/uploads\/2016\/02\/dsc_0431-300x199.jpg 300w, https:\/\/www.intermedium.fr\/migrants\/wp-content\/uploads\/2016\/02\/dsc_0431.jpg 480w\" sizes=\"auto, (max-width: 300px) 100vw, 300px\" \/><\/a>\n<h4 class=\"pt-cv-title\"><a href=\"https:\/\/www.intermedium.fr\/migrants\/stephane-berne-en-parle\/\" class=\"_self\" target=\"_self\" >St\u00e9phane Berne en parle<\/a><\/h4>\n<div class=\"pt-cv-content\">Du marc de caf\u00e9 ! J'ai trouv\u00e9 une vid\u00e9o sur YouTube qui est pas mal du tout au sujet des ...<br \/><div class=\"pt-cv-rmwrap\"><a href=\"https:\/\/www.intermedium.fr\/migrants\/stephane-berne-en-parle\/\" class=\"_self pt-cv-readmore btn btn-success\" target=\"_self\">Lire La Suite\u2026<\/a><\/div><\/div><\/div><\/div>\n<div class=\"col-md-6 col-sm-6 col-xs-12 pt-cv-content-item pt-cv-1-col\" ><div class='pt-cv-ifield'><a href=\"https:\/\/www.intermedium.fr\/migrants\/rendez-vous-marre-de-cafe-du-4-decembre-2015\/\" class=\"_self pt-cv-href-thumbnail pt-cv-thumb-default\" target=\"_self\" ><\/a>\n<h4 class=\"pt-cv-title\"><a href=\"https:\/\/www.intermedium.fr\/migrants\/rendez-vous-marre-de-cafe-du-4-decembre-2015\/\" class=\"_self\" target=\"_self\" >Rendez-vous &#8220;marre&#8221; de caf\u00e9 du 4 d\u00e9cembre 2015<\/a><\/h4>\n<div class=\"pt-cv-content\">Pour ce deuxi\u00e8me rendez-vous, deuxi\u00e8me saison, nous \u00e9tions au caf\u00e9 Royal, rue Mondesert. Cette rencontre fut l'occasion de red\u00e9couvrir un ...<br \/><div class=\"pt-cv-rmwrap\"><a href=\"https:\/\/www.intermedium.fr\/migrants\/rendez-vous-marre-de-cafe-du-4-decembre-2015\/\" class=\"_self pt-cv-readmore btn btn-success\" target=\"_self\">Lire La Suite\u2026<\/a><\/div><\/div><\/div><\/div>\n<div class=\"col-md-6 col-sm-6 col-xs-12 pt-cv-content-item pt-cv-1-col\" ><div class='pt-cv-ifield'><a href=\"https:\/\/www.intermedium.fr\/migrants\/marre-de-cafe-retour-sur-la-genese-du-projet\/\" class=\"_self pt-cv-href-thumbnail pt-cv-thumb-default\" target=\"_self\" ><img loading=\"lazy\" decoding=\"async\" width=\"300\" height=\"139\" src=\"https:\/\/www.intermedium.fr\/migrants\/wp-content\/uploads\/2015\/12\/cafe-grains-cafeine-boisson-chaude-tasse-03-300x139.jpg\" class=\"pt-cv-thumbnail\" alt=\"\" srcset=\"https:\/\/www.intermedium.fr\/migrants\/wp-content\/uploads\/2015\/12\/cafe-grains-cafeine-boisson-chaude-tasse-03-300x139.jpg 300w, https:\/\/www.intermedium.fr\/migrants\/wp-content\/uploads\/2015\/12\/cafe-grains-cafeine-boisson-chaude-tasse-03.jpg 600w\" sizes=\"auto, (max-width: 300px) 100vw, 300px\" \/><\/a>\n<h4 class=\"pt-cv-title\"><a href=\"https:\/\/www.intermedium.fr\/migrants\/marre-de-cafe-retour-sur-la-genese-du-projet\/\" class=\"_self\" target=\"_self\" >&#8220;Marre de caf\u00e9&#8221; Retour sur la gen\u00e8se du projet<\/a><\/h4>\n<div class=\"pt-cv-content\">Retour sur la gen\u00e8se du projet Le contexte Notre soci\u00e9t\u00e9 est en qu\u00eate de changements. Nous aspirons tous \u00e0 d'avantage ...<br \/><div class=\"pt-cv-rmwrap\"><a href=\"https:\/\/www.intermedium.fr\/migrants\/marre-de-cafe-retour-sur-la-genese-du-projet\/\" class=\"_self pt-cv-readmore btn btn-success\" target=\"_self\">Lire La Suite\u2026<\/a><\/div><\/div><\/div><\/div>\n<div class=\"col-md-6 col-sm-6 col-xs-12 pt-cv-content-item pt-cv-1-col\" ><div class='pt-cv-ifield'><a href=\"https:\/\/www.intermedium.fr\/migrants\/marre-de-cafe-la-deuxieme-saison-est-lancee\/\" class=\"_self pt-cv-href-thumbnail pt-cv-thumb-default\" target=\"_self\" ><img loading=\"lazy\" decoding=\"async\" width=\"224\" height=\"300\" src=\"https:\/\/www.intermedium.fr\/migrants\/wp-content\/uploads\/2015\/10\/photo1-224x300.jpg\" class=\"pt-cv-thumbnail\" alt=\"\" srcset=\"https:\/\/www.intermedium.fr\/migrants\/wp-content\/uploads\/2015\/10\/photo1-224x300.jpg 224w, https:\/\/www.intermedium.fr\/migrants\/wp-content\/uploads\/2015\/10\/photo1.jpg 478w\" sizes=\"auto, (max-width: 224px) 100vw, 224px\" \/><\/a>\n<h4 class=\"pt-cv-title\"><a href=\"https:\/\/www.intermedium.fr\/migrants\/marre-de-cafe-la-deuxieme-saison-est-lancee\/\" class=\"_self\" target=\"_self\" >&#8220;Marre de caf\u00e9&#8221;, R\u00e9union le 4 d\u00e9cembre 2015<\/a><\/h4>\n<div class=\"pt-cv-content\">19 h 00 Caf\u00e9 Royal-Royal 22 rue Montd\u00e9sert \u00e0 Nancy La saison derni\u00e8re \u00e9tait riche d'\u00e9mulation sur le sujet : ...<br \/><div class=\"pt-cv-rmwrap\"><a href=\"https:\/\/www.intermedium.fr\/migrants\/marre-de-cafe-la-deuxieme-saison-est-lancee\/\" class=\"_self pt-cv-readmore btn btn-success\" target=\"_self\">Lire La Suite\u2026<\/a><\/div><\/div><\/div><\/div>\n<div class=\"col-md-6 col-sm-6 col-xs-12 pt-cv-content-item pt-cv-1-col\" ><div class='pt-cv-ifield'><a href=\"https:\/\/www.intermedium.fr\/migrants\/que-faire-avec-du-marc-de-cafe\/\" class=\"_self pt-cv-href-thumbnail pt-cv-thumb-default\" target=\"_self\" ><img loading=\"lazy\" decoding=\"async\" width=\"300\" height=\"139\" src=\"https:\/\/www.intermedium.fr\/migrants\/wp-content\/uploads\/2015\/12\/cafe-grains-cafeine-boisson-chaude-tasse-03-300x139.jpg\" class=\"pt-cv-thumbnail\" alt=\"\" srcset=\"https:\/\/www.intermedium.fr\/migrants\/wp-content\/uploads\/2015\/12\/cafe-grains-cafeine-boisson-chaude-tasse-03-300x139.jpg 300w, https:\/\/www.intermedium.fr\/migrants\/wp-content\/uploads\/2015\/12\/cafe-grains-cafeine-boisson-chaude-tasse-03.jpg 600w\" sizes=\"auto, (max-width: 300px) 100vw, 300px\" \/><\/a>\n<h4 class=\"pt-cv-title\"><a href=\"https:\/\/www.intermedium.fr\/migrants\/que-faire-avec-du-marc-de-cafe\/\" class=\"_self\" target=\"_self\" >Que faire avec du marc de caf\u00e9<\/a><\/h4>\n<div class=\"pt-cv-content\">Vu sur internet : encyclo-\u00e9colo Consoglobe De nombreuses utilisations seraient possibles : Marc de caf\u00e9 et beaut\u00e9: en masque pour ...<br \/><div class=\"pt-cv-rmwrap\"><a href=\"https:\/\/www.intermedium.fr\/migrants\/que-faire-avec-du-marc-de-cafe\/\" class=\"_self pt-cv-readmore btn btn-success\" target=\"_self\">Lire La Suite\u2026<\/a><\/div><\/div><\/div><\/div><\/div><\/div><\/div>\n<p>&nbsp;<\/p>\n","protected":false},"excerpt":{"rendered":"<p>&nbsp;<\/p>\n","protected":false},"author":1,"featured_media":0,"parent":0,"menu_order":0,"comment_status":"closed","ping_status":"closed","template":"","meta":{"_uag_custom_page_level_css":"","generate_page_header":"","footnotes":""},"class_list":["post-466","page","type-page","status-publish"],"featured_image_url":[],"post_author":"Bernard Heim","assigned_categories":"","uagb_featured_image_src":{"full":false,"thumbnail":false,"medium":false,"medium_large":false,"large":false,"1536x1536":false,"2048x2048":false},"uagb_author_info":{"display_name":"Bernard","author_link":"https:\/\/www.intermedium.fr\/migrants\/author\/bernie\/"},"uagb_comment_info":0,"uagb_excerpt":"&nbsp;","builder_content":"","_links":{"self":[{"href":"https:\/\/www.intermedium.fr\/migrants\/wp-json\/wp\/v2\/pages\/466","targetHints":{"allow":["GET"]}}],"collection":[{"href":"https:\/\/www.intermedium.fr\/migrants\/wp-json\/wp\/v2\/pages"}],"about":[{"href":"https:\/\/www.intermedium.fr\/migrants\/wp-json\/wp\/v2\/types\/page"}],"author":[{"embeddable":true,"href":"https:\/\/www.intermedium.fr\/migrants\/wp-json\/wp\/v2\/users\/1"}],"replies":[{"embeddable":true,"href":"https:\/\/www.intermedium.fr\/migrants\/wp-json\/wp\/v2\/comments?post=466"}],"version-history":[{"count":0,"href":"https:\/\/www.intermedium.fr\/migrants\/wp-json\/wp\/v2\/pages\/466\/revisions"}],"wp:attachment":[{"href":"https:\/\/www.intermedium.fr\/migrants\/wp-json\/wp\/v2\/media?parent=466"}],"curies":[{"name":"wp","href":"https:\/\/api.w.org\/{rel}","templated":true}]}}